{"id":5133,"date":"2025-04-16T17:55:15","date_gmt":"2025-04-16T15:55:15","guid":{"rendered":"https:\/\/wellauer-tabak.ch\/la-storia\/"},"modified":"2025-08-22T08:14:06","modified_gmt":"2025-08-22T06:14:06","slug":"la-storia","status":"publish","type":"page","link":"https:\/\/wellauer-tabak.ch\/it\/la-storia\/","title":{"rendered":"La storia"},"content":{"rendered":"\t\t<div data-elementor-type=\"wp-page\" data-elementor-id=\"5133\" class=\"elementor elementor-5133 elementor-1977\" data-elementor-post-type=\"page\">\n\t\t\t\t<section class=\"elementor-element elementor-element-4d39854 e-flex e-con-boxed e-con e-parent\" data-id=\"4d39854\" data-element_type=\"container\" data-e-type=\"container\" data-settings=\"{&quot;background_background&quot;:&quot;classic&quot;,&quot;position&quot;:&quot;fixed&quot;}\">\n\t\t\t\t\t<div class=\"e-con-inner\">\n\t\t<div class=\"elementor-element elementor-element-47610b2 e-con-full e-flex e-con e-child\" data-id=\"47610b2\" data-element_type=\"container\" data-e-type=\"container\">\n\t\t\t\t<div class=\"elementor-element elementor-element-ac430f4 elementor-widget elementor-widget-heading\" data-id=\"ac430f4\" data-element_type=\"widget\" data-e-type=\"widget\" data-widget_type=\"heading.default\">\n\t\t\t\t<div class=\"elementor-widget-container\">\n\t\t\t\t\t<h1 class=\"elementor-heading-title elementor-size-default\">Tradizione dal 1898.<\/h1>\t\t\t\t<\/div>\n\t\t\t\t<\/div>\n\t\t\t\t<div class=\"elementor-element elementor-element-cca0824 elementor-widget__width-initial elementor-widget-tablet__width-inherit elementor-widget elementor-widget-text-editor\" data-id=\"cca0824\" data-element_type=\"widget\" data-e-type=\"widget\" data-widget_type=\"text-editor.default\">\n\t\t\t\t<div class=\"elementor-widget-container\">\n\t\t\t\t\t\t\t\t\t<p>Da oltre 125 anni, Wellauer \u00e8 sinonimo di massima qualit\u00e0 e competenza nel mondo del tabacco svizzero. Quello che \u00e8 iniziato nel 1898 come negozio di specialit\u00e0 a San Gallo si \u00e8 sviluppato nel corso delle generazioni fino a diventare un&#8217;azienda leader nel settore del tabacco. La nostra storia \u00e8 caratterizzata da uno spirito pionieristico, una gamma di prodotti in costante crescita e un&#8217;innovazione continua.<\/p>\t\t\t\t\t\t\t\t<\/div>\n\t\t\t\t<\/div>\n\t\t\t\t<\/div>\n\t\t\t\t\t<\/div>\n\t\t\t\t<\/section>\n\t\t<div class=\"elementor-element elementor-element-9421165 animated-line e-flex e-con-boxed e-con e-parent\" data-id=\"9421165\" data-element_type=\"container\" data-e-type=\"container\" data-settings=\"{&quot;background_background&quot;:&quot;classic&quot;}\">\n\t\t\t\t\t<div class=\"e-con-inner\">\n\t\t\t\t<div class=\"elementor-element elementor-element-e66aa75 elementor-widget elementor-widget-dcwi--story-slider\" data-id=\"e66aa75\" data-element_type=\"widget\" data-e-type=\"widget\" data-widget_type=\"dcwi--story-slider.default\">\n\t\t\t\t<div class=\"elementor-widget-container\">\n\t\t\t\t\t        <section class=\"o-story-slider\">\n                            <span class=\"a-subheading\">La nostra storia<\/span>\n                                        <h2 class=\"a-heading-lg\">Da negozio specializzato a grossista<\/h2>\n            \n            <div class=\"m-slider-container\">\n                <div class=\"m-slider-images swiper\">\n                    <div class=\"m-slider-wrapper swiper-wrapper\">\n                                                    <div class=\"m-slide swiper-slide\">\n                                <div class=\"a-image-wrapper\">\n                                    <img decoding=\"async\" class=\"a-image\" src=\"https:\/\/wellauer-tabak.ch\/wp-content\/uploads\/2025\/04\/92fe556be2c8f29de176a20b16e.jpg\" alt=\"1898 -Fondata da Gottlieb Wellauer\" \/>\n                                <\/div>\n                            <\/div>\n                                                    <div class=\"m-slide swiper-slide\">\n                                <div class=\"a-image-wrapper\">\n                                    <img decoding=\"async\" class=\"a-image\" src=\"https:\/\/wellauer-tabak.ch\/wp-content\/uploads\/2025\/06\/Zeitung-Dezember-1938-min.jpg\" alt=\"Anni &#039;30-&#039;40 -Espansione e nuovo slancio\" \/>\n                                <\/div>\n                            <\/div>\n                                                    <div class=\"m-slide swiper-slide\">\n                                <div class=\"a-image-wrapper\">\n                                    <img decoding=\"async\" class=\"a-image\" src=\"https:\/\/wellauer-tabak.ch\/wp-content\/uploads\/2025\/06\/Eingang-G.-Wellauer-min.jpg\" alt=\"Anni &#039;40-&#039;80 - Crescita e passaggio alla generazione successiva\" \/>\n                                <\/div>\n                            <\/div>\n                                                    <div class=\"m-slide swiper-slide\">\n                                <div class=\"a-image-wrapper\">\n                                    <img decoding=\"async\" class=\"a-image\" src=\"https:\/\/wellauer-tabak.ch\/wp-content\/uploads\/2025\/06\/English-Blend-min.jpg\" alt=\"1987 -Fusione con Peter Rohner AG\" \/>\n                                <\/div>\n                            <\/div>\n                                                    <div class=\"m-slide swiper-slide\">\n                                <div class=\"a-image-wrapper\">\n                                    <img decoding=\"async\" class=\"a-image\" src=\"https:\/\/wellauer-tabak.ch\/wp-content\/uploads\/2025\/06\/BU-Eingang.jpg\" alt=\"2002 -Trasferimento della sede centrale a Buchs SG\" \/>\n                                <\/div>\n                            <\/div>\n                                                    <div class=\"m-slide swiper-slide\">\n                                <div class=\"a-image-wrapper\">\n                                    <img decoding=\"async\" class=\"a-image\" src=\"https:\/\/wellauer-tabak.ch\/wp-content\/uploads\/2025\/06\/DJI_0974-HDR-scaled-1.jpg\" alt=\"2017 -Ritorno a Rheineck\" \/>\n                                <\/div>\n                            <\/div>\n                                                    <div class=\"m-slide swiper-slide\">\n                                <div class=\"a-image-wrapper\">\n                                    <img decoding=\"async\" class=\"a-image\" src=\"https:\/\/wellauer-tabak.ch\/wp-content\/uploads\/2025\/06\/2017-Portrait-Herr-Rohner-RGB-scaled-e1646642645515.jpg\" alt=\"2020 -Addio a Peter Rohner\" \/>\n                                <\/div>\n                            <\/div>\n                                            <\/div>\n                <\/div>\n\n                <div class=\"m-slider-text swiper\">\n                    <div class=\"m-slider-wrapper swiper-wrapper\">\n                                                    <div class=\"m-slide swiper-slide\">\n                                <div class=\"m-slide-content\">\n                                    <h3 class=\"a-heading-md\"><p>1898 -<\/p><p>Fondata da Gottlieb Wellauer<\/p><\/h3>\n                                    <p class=\"a-paragraph\">Gottlieb Wellauer apre il suo primo negozio specializzato nella Webergasse 1 di San Gallo. All&#039;inizio importa prodotti e accessori per il tabacco da tutto il mondo e nel 1910 diventa importatore ufficiale delle rinomate pipe Peterson dall&#039;Irlanda. <\/p>\n                                <\/div>\n                            <\/div>\n                                                    <div class=\"m-slide swiper-slide\">\n                                <div class=\"m-slide-content\">\n                                    <h3 class=\"a-heading-md\"><p>Anni '30-'40 -<\/p><p>Espansione e nuovo slancio<\/p><\/h3>\n                                    <p class=\"a-paragraph\">Dopo la morte di Gottlieb Wellauer, il figlio Walter Wellauer assume la direzione dell&#039;azienda. Grazie alla sua esperienza nel settore pubblicitario, stabilisce nuove tendenze e amplia l&#039;azienda con altri due negozi specializzati. In questo periodo viene pubblicato per la prima volta l&#039;opuscolo &quot;Wellauer&#039;s Zeitung an unsere Raucherfreunde&quot; (Il giornale di Wellauer per i nostri amici fumatori) e Wellauer diventa il primo importatore svizzero di sigarette Camel.  <\/p>\n                                <\/div>\n                            <\/div>\n                                                    <div class=\"m-slide swiper-slide\">\n                                <div class=\"m-slide-content\">\n                                    <h3 class=\"a-heading-md\"><p>Anni '40-'80 - Crescita e passaggio alla generazione successiva<\/p><\/h3>\n                                    <p class=\"a-paragraph\">L&#039;apertura di una filiale a Leonhard, a San Gallo, porta anche la sede centrale. La crescente domanda di specialit\u00e0 internazionali di tabacco continua a spingere le importazioni. Dopo la morte di Walter Wellauer, suo figlio Andreas Wellauer rileva l&#039;azienda nel 1986, ma decide di venderla alla Peter Rohner AG di Rheineck nel 1987.  <\/p>\n                                <\/div>\n                            <\/div>\n                                                    <div class=\"m-slide swiper-slide\">\n                                <div class=\"m-slide-content\">\n                                    <h3 class=\"a-heading-md\"><p>1987 -<br \/>Fusione con Peter Rohner AG<\/p><\/h3>\n                                    <p class=\"a-paragraph\">Fondata nel 1960, Peter Rohner AG si \u00e8 affermata come grossista nel mercato del tabacco. In seguito all&#039;acquisizione da parte di Peter Rohner, le due aziende si sono fuse per formare Wellauer &amp; Co AG e continuano a operare da San Gallo. <\/p>\n                                <\/div>\n                            <\/div>\n                                                    <div class=\"m-slide swiper-slide\">\n                                <div class=\"m-slide-content\">\n                                    <h3 class=\"a-heading-md\"><p>2002 -<br \/>Trasferimento della sede centrale a Buchs SG<\/p><\/h3>\n                                    <p class=\"a-paragraph\">I vantaggi logistici e la vicinanza all&#039;ufficio doganale fanno s\u00ec che la sede venga trasferita a Buchs SG. Nel 2008 l&#039;azienda riceve un&#039;immagine moderna e da allora opera con il nome di Wellauer AG. <\/p>\n                                <\/div>\n                            <\/div>\n                                                    <div class=\"m-slide swiper-slide\">\n                                <div class=\"m-slide-content\">\n                                    <h3 class=\"a-heading-md\"><p>2017 -<br \/>Ritorno a Rheineck<\/p><\/h3>\n                                    <p class=\"a-paragraph\">Dopo 30 anni, l&#039;azienda torna alle sue radici: la sede centrale, la vendita all&#039;ingrosso, l&#039;importazione e l&#039;amministrazione trovano una nuova casa a Rheineck. Qui si creano le condizioni ottimali per lo stoccaggio, la logistica e l&#039;ulteriore crescita. <\/p>\n                                <\/div>\n                            <\/div>\n                                                    <div class=\"m-slide swiper-slide\">\n                                <div class=\"m-slide-content\">\n                                    <h3 class=\"a-heading-md\"><p>2020 -<br \/>Addio a Peter Rohner<\/p><\/h3>\n                                    <p class=\"a-paragraph\">Peter Rohner \u00e8 scomparso nel giugno del 2020, ma grazie alla sua pianificazione lungimirante, Wellauer AG rimane sotto una leadership consolidata. La sua eredit\u00e0 continuer\u00e0 a plasmare l&#039;azienda e a garantirne il successo per il futuro. <\/p>\n                                <\/div>\n                            <\/div>\n                                            <\/div>\n                <\/div>\n            <\/div>\n\n            <div class=\"m-slide-counter\">\n                <span class=\"a-counter-text\"><\/span>\n                <div class=\"m-counter-dots swiper-pagination\"><\/div>\n            <\/div>\n\n            <div class=\"m-slide-arrows\">\n                <span class=\"m-slide-arrow-wrap\">\n                    <span class=\"a-arrow a-arrow--default a-arrow--prev\">\n                        <svg class=\"icon icon-arrow-right\">\n                            <use xlink:href=\"#icon-arrow-left\"><\/use>\n                        <\/svg>\n                    <\/span>\n                <\/span>\n                <span class=\"m-slide-arrow-wrap\">\n                    <span class=\"a-arrow a-arrow--default a-arrow--next\">\n                        <svg class=\"icon icon-arrow-right\">\n                            <use xlink:href=\"#icon-arrow-right\"><\/use>\n                        <\/svg>\n                    <\/span>\n                <\/span>\n            <\/div>\n        <\/section>\n        \t\t\t\t<\/div>\n\t\t\t\t<\/div>\n\t\t\t\t\t<\/div>\n\t\t\t\t<\/div>\n\t\t\t\t<\/div>\n\t\t","protected":false},"excerpt":{"rendered":"<p>Tradizione dal 1898. Da oltre 125 anni, Wellauer \u00e8 sinonimo di massima qualit\u00e0 e competenza nel mondo del tabacco svizzero. Quello che \u00e8 iniziato nel 1898 come negozio di specialit\u00e0 a San Gallo si \u00e8 sviluppato nel corso delle generazioni fino a diventare un&#8217;azienda leader nel settore del tabacco. La [&hellip;]<\/p>\n","protected":false},"author":1,"featured_media":0,"parent":0,"menu_order":0,"comment_status":"closed","ping_status":"closed","template":"","meta":{"_acf_changed":false,"footnotes":""},"class_list":["post-5133","page","type-page","status-publish","hentry"],"acf":[],"yoast_head":"<!-- This site is optimized with the Yoast SEO plugin v27.4 - https:\/\/yoast.com\/product\/yoast-seo-wordpress\/ -->\n<title>La storia - Wellauer<\/title>\n<meta name=\"robots\" content=\"index, follow, max-snippet:-1, max-image-preview:large, max-video-preview:-1\" \/>\n<link rel=\"canonical\" href=\"https:\/\/wellauer-tabak.ch\/de\/geschichte\/\" \/>\n<meta property=\"og:locale\" content=\"it_IT\" \/>\n<meta property=\"og:type\" content=\"article\" \/>\n<meta property=\"og:title\" content=\"La storia - Wellauer\" \/>\n<meta property=\"og:description\" content=\"Tradizione dal 1898. Da oltre 125 anni, Wellauer \u00e8 sinonimo di massima qualit\u00e0 e competenza nel mondo del tabacco svizzero. Quello che \u00e8 iniziato nel 1898 come negozio di specialit\u00e0 a San Gallo si \u00e8 sviluppato nel corso delle generazioni fino a diventare un&#8217;azienda leader nel settore del tabacco. La [&hellip;]\" \/>\n<meta property=\"og:url\" content=\"https:\/\/wellauer-tabak.ch\/de\/geschichte\/\" \/>\n<meta property=\"og:site_name\" content=\"Wellauer\" \/>\n<meta property=\"article:modified_time\" content=\"2025-08-22T06:14:06+00:00\" \/>\n<meta property=\"og:image\" content=\"https:\/\/wellauer-tabak.ch\/wp-content\/uploads\/2025\/04\/92fe556be2c8f29de176a20b16e.jpg\" \/>\n<meta name=\"twitter:card\" content=\"summary_large_image\" \/>\n<meta name=\"twitter:label1\" content=\"Est. reading time\" \/>\n\t<meta name=\"twitter:data1\" content=\"5 minutes\" \/>\n<script type=\"application\/ld+json\" class=\"yoast-schema-graph\">{\"@context\":\"https:\\\/\\\/schema.org\",\"@graph\":[{\"@type\":\"WebPage\",\"@id\":\"https:\\\/\\\/wellauer-tabak.ch\\\/de\\\/geschichte\\\/\",\"url\":\"https:\\\/\\\/wellauer-tabak.ch\\\/de\\\/geschichte\\\/\",\"name\":\"La storia - Wellauer\",\"isPartOf\":{\"@id\":\"https:\\\/\\\/wellauer-tabak.ch\\\/de\\\/#website\"},\"primaryImageOfPage\":{\"@id\":\"https:\\\/\\\/wellauer-tabak.ch\\\/de\\\/geschichte\\\/#primaryimage\"},\"image\":{\"@id\":\"https:\\\/\\\/wellauer-tabak.ch\\\/de\\\/geschichte\\\/#primaryimage\"},\"thumbnailUrl\":\"https:\\\/\\\/wellauer-tabak.ch\\\/wp-content\\\/uploads\\\/2025\\\/04\\\/92fe556be2c8f29de176a20b16e.jpg\",\"datePublished\":\"2025-04-16T15:55:15+00:00\",\"dateModified\":\"2025-08-22T06:14:06+00:00\",\"breadcrumb\":{\"@id\":\"https:\\\/\\\/wellauer-tabak.ch\\\/de\\\/geschichte\\\/#breadcrumb\"},\"inLanguage\":\"it-IT\",\"potentialAction\":[{\"@type\":\"ReadAction\",\"target\":[\"https:\\\/\\\/wellauer-tabak.ch\\\/de\\\/geschichte\\\/\"]}]},{\"@type\":\"ImageObject\",\"inLanguage\":\"it-IT\",\"@id\":\"https:\\\/\\\/wellauer-tabak.ch\\\/de\\\/geschichte\\\/#primaryimage\",\"url\":\"https:\\\/\\\/wellauer-tabak.ch\\\/wp-content\\\/uploads\\\/2025\\\/04\\\/92fe556be2c8f29de176a20b16e.jpg\",\"contentUrl\":\"https:\\\/\\\/wellauer-tabak.ch\\\/wp-content\\\/uploads\\\/2025\\\/04\\\/92fe556be2c8f29de176a20b16e.jpg\"},{\"@type\":\"BreadcrumbList\",\"@id\":\"https:\\\/\\\/wellauer-tabak.ch\\\/de\\\/geschichte\\\/#breadcrumb\",\"itemListElement\":[{\"@type\":\"ListItem\",\"position\":1,\"name\":\"Home\",\"item\":\"https:\\\/\\\/wellauer-tabak.ch\\\/it\\\/\"},{\"@type\":\"ListItem\",\"position\":2,\"name\":\"La storia\"}]},{\"@type\":\"WebSite\",\"@id\":\"https:\\\/\\\/wellauer-tabak.ch\\\/de\\\/#website\",\"url\":\"https:\\\/\\\/wellauer-tabak.ch\\\/de\\\/\",\"name\":\"Wellauer\",\"description\":\"Wellauer Tabak\",\"publisher\":{\"@id\":\"https:\\\/\\\/wellauer-tabak.ch\\\/de\\\/#organization\"},\"potentialAction\":[{\"@type\":\"SearchAction\",\"target\":{\"@type\":\"EntryPoint\",\"urlTemplate\":\"https:\\\/\\\/wellauer-tabak.ch\\\/de\\\/?s={search_term_string}\"},\"query-input\":{\"@type\":\"PropertyValueSpecification\",\"valueRequired\":true,\"valueName\":\"search_term_string\"}}],\"inLanguage\":\"it-IT\"},{\"@type\":\"Organization\",\"@id\":\"https:\\\/\\\/wellauer-tabak.ch\\\/de\\\/#organization\",\"name\":\"Wellauer\",\"url\":\"https:\\\/\\\/wellauer-tabak.ch\\\/de\\\/\",\"logo\":{\"@type\":\"ImageObject\",\"inLanguage\":\"it-IT\",\"@id\":\"https:\\\/\\\/wellauer-tabak.ch\\\/de\\\/#\\\/schema\\\/logo\\\/image\\\/\",\"url\":\"https:\\\/\\\/wellauer-tabak.ch\\\/wp-content\\\/uploads\\\/2025\\\/03\\\/Logo.svg\",\"contentUrl\":\"https:\\\/\\\/wellauer-tabak.ch\\\/wp-content\\\/uploads\\\/2025\\\/03\\\/Logo.svg\",\"width\":204,\"height\":48,\"caption\":\"Wellauer\"},\"image\":{\"@id\":\"https:\\\/\\\/wellauer-tabak.ch\\\/de\\\/#\\\/schema\\\/logo\\\/image\\\/\"}}]}<\/script>\n<!-- \/ Yoast SEO plugin. -->","yoast_head_json":{"title":"La storia - Wellauer","robots":{"index":"index","follow":"follow","max-snippet":"max-snippet:-1","max-image-preview":"max-image-preview:large","max-video-preview":"max-video-preview:-1"},"canonical":"https:\/\/wellauer-tabak.ch\/de\/geschichte\/","og_locale":"it_IT","og_type":"article","og_title":"La storia - Wellauer","og_description":"Tradizione dal 1898. Da oltre 125 anni, Wellauer \u00e8 sinonimo di massima qualit\u00e0 e competenza nel mondo del tabacco svizzero. Quello che \u00e8 iniziato nel 1898 come negozio di specialit\u00e0 a San Gallo si \u00e8 sviluppato nel corso delle generazioni fino a diventare un&#8217;azienda leader nel settore del tabacco. La [&hellip;]","og_url":"https:\/\/wellauer-tabak.ch\/de\/geschichte\/","og_site_name":"Wellauer","article_modified_time":"2025-08-22T06:14:06+00:00","og_image":[{"url":"https:\/\/wellauer-tabak.ch\/wp-content\/uploads\/2025\/04\/92fe556be2c8f29de176a20b16e.jpg","type":"","width":"","height":""}],"twitter_card":"summary_large_image","twitter_misc":{"Est. reading time":"5 minutes"},"schema":{"@context":"https:\/\/schema.org","@graph":[{"@type":"WebPage","@id":"https:\/\/wellauer-tabak.ch\/de\/geschichte\/","url":"https:\/\/wellauer-tabak.ch\/de\/geschichte\/","name":"La storia - Wellauer","isPartOf":{"@id":"https:\/\/wellauer-tabak.ch\/de\/#website"},"primaryImageOfPage":{"@id":"https:\/\/wellauer-tabak.ch\/de\/geschichte\/#primaryimage"},"image":{"@id":"https:\/\/wellauer-tabak.ch\/de\/geschichte\/#primaryimage"},"thumbnailUrl":"https:\/\/wellauer-tabak.ch\/wp-content\/uploads\/2025\/04\/92fe556be2c8f29de176a20b16e.jpg","datePublished":"2025-04-16T15:55:15+00:00","dateModified":"2025-08-22T06:14:06+00:00","breadcrumb":{"@id":"https:\/\/wellauer-tabak.ch\/de\/geschichte\/#breadcrumb"},"inLanguage":"it-IT","potentialAction":[{"@type":"ReadAction","target":["https:\/\/wellauer-tabak.ch\/de\/geschichte\/"]}]},{"@type":"ImageObject","inLanguage":"it-IT","@id":"https:\/\/wellauer-tabak.ch\/de\/geschichte\/#primaryimage","url":"https:\/\/wellauer-tabak.ch\/wp-content\/uploads\/2025\/04\/92fe556be2c8f29de176a20b16e.jpg","contentUrl":"https:\/\/wellauer-tabak.ch\/wp-content\/uploads\/2025\/04\/92fe556be2c8f29de176a20b16e.jpg"},{"@type":"BreadcrumbList","@id":"https:\/\/wellauer-tabak.ch\/de\/geschichte\/#breadcrumb","itemListElement":[{"@type":"ListItem","position":1,"name":"Home","item":"https:\/\/wellauer-tabak.ch\/it\/"},{"@type":"ListItem","position":2,"name":"La storia"}]},{"@type":"WebSite","@id":"https:\/\/wellauer-tabak.ch\/de\/#website","url":"https:\/\/wellauer-tabak.ch\/de\/","name":"Wellauer","description":"Wellauer Tabak","publisher":{"@id":"https:\/\/wellauer-tabak.ch\/de\/#organization"},"potentialAction":[{"@type":"SearchAction","target":{"@type":"EntryPoint","urlTemplate":"https:\/\/wellauer-tabak.ch\/de\/?s={search_term_string}"},"query-input":{"@type":"PropertyValueSpecification","valueRequired":true,"valueName":"search_term_string"}}],"inLanguage":"it-IT"},{"@type":"Organization","@id":"https:\/\/wellauer-tabak.ch\/de\/#organization","name":"Wellauer","url":"https:\/\/wellauer-tabak.ch\/de\/","logo":{"@type":"ImageObject","inLanguage":"it-IT","@id":"https:\/\/wellauer-tabak.ch\/de\/#\/schema\/logo\/image\/","url":"https:\/\/wellauer-tabak.ch\/wp-content\/uploads\/2025\/03\/Logo.svg","contentUrl":"https:\/\/wellauer-tabak.ch\/wp-content\/uploads\/2025\/03\/Logo.svg","width":204,"height":48,"caption":"Wellauer"},"image":{"@id":"https:\/\/wellauer-tabak.ch\/de\/#\/schema\/logo\/image\/"}}]}},"_links":{"self":[{"href":"https:\/\/wellauer-tabak.ch\/it\/wp-json\/wp\/v2\/pages\/5133","targetHints":{"allow":["GET"]}}],"collection":[{"href":"https:\/\/wellauer-tabak.ch\/it\/wp-json\/wp\/v2\/pages"}],"about":[{"href":"https:\/\/wellauer-tabak.ch\/it\/wp-json\/wp\/v2\/types\/page"}],"author":[{"embeddable":true,"href":"https:\/\/wellauer-tabak.ch\/it\/wp-json\/wp\/v2\/users\/1"}],"replies":[{"embeddable":true,"href":"https:\/\/wellauer-tabak.ch\/it\/wp-json\/wp\/v2\/comments?post=5133"}],"version-history":[{"count":5,"href":"https:\/\/wellauer-tabak.ch\/it\/wp-json\/wp\/v2\/pages\/5133\/revisions"}],"predecessor-version":[{"id":5675,"href":"https:\/\/wellauer-tabak.ch\/it\/wp-json\/wp\/v2\/pages\/5133\/revisions\/5675"}],"wp:attachment":[{"href":"https:\/\/wellauer-tabak.ch\/it\/wp-json\/wp\/v2\/media?parent=5133"}],"curies":[{"name":"wp","href":"https:\/\/api.w.org\/{rel}","templated":true}]}}